{"id":7988,"date":"2022-02-18T16:38:11","date_gmt":"2022-02-18T15:38:11","guid":{"rendered":"https:\/\/stage.lernfilm-festival.ch\/fr\/lernfilm-festival-2022\/"},"modified":"2026-03-26T13:21:19","modified_gmt":"2026-03-26T12:21:19","slug":"lernfilm-festival-2025","status":"publish","type":"page","link":"https:\/\/www.lernfilm-festival.ch\/fr\/","title":{"rendered":"LernFilm Festival 2025"},"content":{"rendered":"\t\t<div data-elementor-type=\"wp-page\" data-elementor-id=\"7988\" class=\"elementor elementor-7988\" data-elementor-post-type=\"page\">\n\t\t\t\t\t\t<section class=\"elementor-section elementor-top-section elementor-element elementor-element-76eb934 elementor-section-full_width elementor-section-height-min-height elementor-section-items-top elementor-section-content-middle elementor-reverse-mobile elementor-section-height-default\" data-id=\"76eb934\" data-element_type=\"section\" data-e-type=\"section\" data-settings=\"{&quot;background_background&quot;:&quot;classic&quot;}\">\n\t\t\t\t\t\t\t<div class=\"elementor-background-overlay\"><\/div>\n\t\t\t\t\t\t\t<div class=\"elementor-container elementor-column-gap-no\">\n\t\t\t\t\t<div class=\"elementor-column elementor-col-50 elementor-top-column elementor-element elementor-element-cf9b87b\" data-id=\"cf9b87b\" data-element_type=\"column\" data-e-type=\"column\" data-settings=\"{&quot;background_background&quot;:&quot;classic&quot;}\">\n\t\t\t<div class=\"elementor-widget-wrap\">\n\t\t\t\t\t\t\t<\/div>\n\t\t<\/div>\n\t\t\t\t<div class=\"elementor-column elementor-col-50 elementor-top-column elementor-element elementor-element-08f5373\" data-id=\"08f5373\" data-element_type=\"column\" data-e-type=\"column\">\n\t\t\t<div class=\"elementor-widget-wrap elementor-element-populated\">\n\t\t\t\t\t\t<div class=\"elementor-element elementor-element-03e7a39 elementor-align-right e-transform elementor-tablet-align-right elementor-hidden-desktop elementor-hidden-tablet elementor-hidden-mobile elementor-widget elementor-widget-button\" data-id=\"03e7a39\" data-element_type=\"widget\" data-e-type=\"widget\" data-settings=\"{&quot;_transform_rotateZ_effect&quot;:{&quot;unit&quot;:&quot;px&quot;,&quot;size&quot;:12,&quot;sizes&quot;:[]},&quot;_transform_rotateZ_effect_tablet&quot;:{&quot;unit&quot;:&quot;deg&quot;,&quot;size&quot;:&quot;&quot;,&quot;sizes&quot;:[]},&quot;_transform_rotateZ_effect_mobile&quot;:{&quot;unit&quot;:&quot;deg&quot;,&quot;size&quot;:&quot;&quot;,&quot;sizes&quot;:[]}}\" data-widget_type=\"button.default\">\n\t\t\t\t<div class=\"elementor-widget-container\">\n\t\t\t\t\t\t\t\t\t<div class=\"elementor-button-wrapper\">\n\t\t\t\t\t<a class=\"elementor-button elementor-button-link elementor-size-lg\" href=\"https:\/\/www.srf.ch\/sendungen\/school\/medien-und-informatik\/and-the-winner-is-lernfilm-festival-2023\" target=\"_blank\">\n\t\t\t\t\t\t<span class=\"elementor-button-content-wrapper\">\n\t\t\t\t\t\t\t\t\t<span class=\"elementor-button-text\">pour la<br>remise des <br>prix<\/span>\n\t\t\t\t\t<\/span>\n\t\t\t\t\t<\/a>\n\t\t\t\t<\/div>\n\t\t\t\t\t\t\t\t<\/div>\n\t\t\t\t<\/div>\n\t\t\t\t\t<\/div>\n\t\t<\/div>\n\t\t\t\t\t<\/div>\n\t\t<\/section>\n\t\t\t\t<section class=\"elementor-section elementor-top-section elementor-element elementor-element-38b380f9 elementor-section-full_width elementor-section-height-default elementor-section-height-default\" data-id=\"38b380f9\" data-element_type=\"section\" data-e-type=\"section\" data-settings=\"{&quot;background_background&quot;:&quot;classic&quot;}\">\n\t\t\t\t\t\t\t<div class=\"elementor-background-overlay\"><\/div>\n\t\t\t\t\t\t\t<div class=\"elementor-container elementor-column-gap-no\">\n\t\t\t\t\t<div class=\"elementor-column elementor-col-100 elementor-top-column elementor-element elementor-element-400420cd\" data-id=\"400420cd\" data-element_type=\"column\" data-e-type=\"column\">\n\t\t\t<div class=\"elementor-widget-wrap elementor-element-populated\">\n\t\t\t\t\t\t<section class=\"elementor-section elementor-inner-section elementor-element elementor-element-257bf468 elementor-hidden-mobile elementor-section-boxed elementor-section-height-default elementor-section-height-default\" data-id=\"257bf468\" data-element_type=\"section\" data-e-type=\"section\">\n\t\t\t\t\t\t<div class=\"elementor-container elementor-column-gap-default\">\n\t\t\t\t\t<div class=\"elementor-column elementor-col-100 elementor-inner-column elementor-element elementor-element-486e0f09\" data-id=\"486e0f09\" data-element_type=\"column\" data-e-type=\"column\" data-settings=\"{&quot;background_background&quot;:&quot;classic&quot;}\">\n\t\t\t<div class=\"elementor-widget-wrap elementor-element-populated\">\n\t\t\t\t\t\t<div class=\"elementor-element elementor-element-1fe316e0 elementor-nav-menu--dropdown-none elementor-nav-menu__align-start submenu elementor-widget elementor-widget-nav-menu\" data-id=\"1fe316e0\" data-element_type=\"widget\" data-e-type=\"widget\" data-settings=\"{&quot;layout&quot;:&quot;horizontal&quot;,&quot;submenu_icon&quot;:{&quot;value&quot;:&quot;&lt;i class=\\&quot;fas fa-caret-down\\&quot; aria-hidden=\\&quot;true\\&quot;&gt;&lt;\\\/i&gt;&quot;,&quot;library&quot;:&quot;fa-solid&quot;}}\" data-widget_type=\"nav-menu.default\">\n\t\t\t\t<div class=\"elementor-widget-container\">\n\t\t\t\t\t\t\t\t<nav aria-label=\"Menu\" class=\"elementor-nav-menu--main elementor-nav-menu__container elementor-nav-menu--layout-horizontal e--pointer-background e--animation-fade\">\n\t\t\t\t<ul id=\"menu-1-1fe316e0\" class=\"elementor-nav-menu\"><li class=\"menu-item menu-item-type-post_type menu-item-object-page menu-item-8949\"><a href=\"https:\/\/www.lernfilm-festival.ch\/fr\/concours-2026\/\" class=\"elementor-item\">Concours 2026<\/a><\/li>\n<li class=\"arrow-right menu-item menu-item-type-post_type menu-item-object-page menu-item-8702\"><a href=\"https:\/\/www.lernfilm-festival.ch\/fr\/materiel-du-cours\/\" class=\"elementor-item\">Mat\u00e9riel du cours<\/a><\/li>\n<\/ul>\t\t\t<\/nav>\n\t\t\t\t\t\t<nav class=\"elementor-nav-menu--dropdown elementor-nav-menu__container\" aria-hidden=\"true\">\n\t\t\t\t<ul id=\"menu-2-1fe316e0\" class=\"elementor-nav-menu\"><li class=\"menu-item menu-item-type-post_type menu-item-object-page menu-item-8949\"><a href=\"https:\/\/www.lernfilm-festival.ch\/fr\/concours-2026\/\" class=\"elementor-item\" tabindex=\"-1\">Concours 2026<\/a><\/li>\n<li class=\"arrow-right menu-item menu-item-type-post_type menu-item-object-page menu-item-8702\"><a href=\"https:\/\/www.lernfilm-festival.ch\/fr\/materiel-du-cours\/\" class=\"elementor-item\" tabindex=\"-1\">Mat\u00e9riel du cours<\/a><\/li>\n<\/ul>\t\t\t<\/nav>\n\t\t\t\t\t\t<\/div>\n\t\t\t\t<\/div>\n\t\t\t\t\t<\/div>\n\t\t<\/div>\n\t\t\t\t\t<\/div>\n\t\t<\/section>\n\t\t\t\t<section class=\"elementor-section elementor-inner-section elementor-element elementor-element-6a105222 elementor-hidden-desktop elementor-hidden-tablet elementor-section-boxed elementor-section-height-default elementor-section-height-default\" data-id=\"6a105222\" data-element_type=\"section\" data-e-type=\"section\">\n\t\t\t\t\t\t<div class=\"elementor-container elementor-column-gap-default\">\n\t\t\t\t\t<div class=\"elementor-column elementor-col-50 elementor-inner-column elementor-element elementor-element-2794b469\" data-id=\"2794b469\" data-element_type=\"column\" data-e-type=\"column\" data-settings=\"{&quot;background_background&quot;:&quot;classic&quot;}\">\n\t\t\t<div class=\"elementor-widget-wrap elementor-element-populated\">\n\t\t\t\t\t\t<div class=\"elementor-element elementor-element-361ee016 elementor-widget elementor-widget-button\" data-id=\"361ee016\" data-element_type=\"widget\" data-e-type=\"widget\" data-widget_type=\"button.default\">\n\t\t\t\t<div class=\"elementor-widget-container\">\n\t\t\t\t\t\t\t\t\t<div class=\"elementor-button-wrapper\">\n\t\t\t\t\t<a class=\"elementor-button elementor-button-link elementor-size-sm\" href=\"\/fr\/concours-2026\/\">\n\t\t\t\t\t\t<span class=\"elementor-button-content-wrapper\">\n\t\t\t\t\t\t\t\t\t<span class=\"elementor-button-text\">Concours 2026<\/span>\n\t\t\t\t\t<\/span>\n\t\t\t\t\t<\/a>\n\t\t\t\t<\/div>\n\t\t\t\t\t\t\t\t<\/div>\n\t\t\t\t<\/div>\n\t\t\t\t\t<\/div>\n\t\t<\/div>\n\t\t\t\t<div class=\"elementor-column elementor-col-50 elementor-inner-column elementor-element elementor-element-e23ad71\" data-id=\"e23ad71\" data-element_type=\"column\" data-e-type=\"column\" data-settings=\"{&quot;background_background&quot;:&quot;classic&quot;}\">\n\t\t\t<div class=\"elementor-widget-wrap elementor-element-populated\">\n\t\t\t\t\t\t<div class=\"elementor-element elementor-element-1d461fe3 elementor-widget elementor-widget-button\" data-id=\"1d461fe3\" data-element_type=\"widget\" data-e-type=\"widget\" data-widget_type=\"button.default\">\n\t\t\t\t<div class=\"elementor-widget-container\">\n\t\t\t\t\t\t\t\t\t<div class=\"elementor-button-wrapper\">\n\t\t\t\t\t<a class=\"elementor-button elementor-button-link elementor-size-sm\" href=\"http:\/\/h\/fr\/materiel-du-cours\/\">\n\t\t\t\t\t\t<span class=\"elementor-button-content-wrapper\">\n\t\t\t\t\t\t\t\t\t<span class=\"elementor-button-text\">Mat\u00e9riel de cours<\/span>\n\t\t\t\t\t<\/span>\n\t\t\t\t\t<\/a>\n\t\t\t\t<\/div>\n\t\t\t\t\t\t\t\t<\/div>\n\t\t\t\t<\/div>\n\t\t\t\t\t<\/div>\n\t\t<\/div>\n\t\t\t\t\t<\/div>\n\t\t<\/section>\n\t\t\t\t<section class=\"elementor-section elementor-inner-section elementor-element elementor-element-6458c825 elementor-hidden-mobile elementor-section-boxed elementor-section-height-default elementor-section-height-default\" data-id=\"6458c825\" data-element_type=\"section\" data-e-type=\"section\">\n\t\t\t\t\t\t<div class=\"elementor-container elementor-column-gap-default\">\n\t\t\t\t\t<div class=\"elementor-column elementor-col-100 elementor-inner-column elementor-element elementor-element-6c5ed3d0\" data-id=\"6c5ed3d0\" data-element_type=\"column\" data-e-type=\"column\" data-settings=\"{&quot;background_background&quot;:&quot;classic&quot;}\">\n\t\t\t<div class=\"elementor-widget-wrap elementor-element-populated\">\n\t\t\t\t\t\t<div class=\"elementor-element elementor-element-30e4daa9 elementor-widget elementor-widget-image\" data-id=\"30e4daa9\" data-element_type=\"widget\" data-e-type=\"widget\" data-widget_type=\"image.default\">\n\t\t\t\t<div class=\"elementor-widget-container\">\n\t\t\t\t\t\t\t\t\t\t\t\t\t\t\t\t<a href=\"https:\/\/lernetz.ch\/\">\n\t\t\t\t\t\t\t<img decoding=\"async\" src=\"https:\/\/www.lernfilm-festival.ch\/fr\/wp-content\/uploads\/sites\/2\/2022\/11\/LerNetzAG_Organisatrice.svg\" title=\"LerNetz\" alt=\"LerNetz\" loading=\"lazy\" \/>\t\t\t\t\t\t\t\t<\/a>\n\t\t\t\t\t\t\t\t\t\t\t\t\t\t\t<\/div>\n\t\t\t\t<\/div>\n\t\t\t\t\t<\/div>\n\t\t<\/div>\n\t\t\t\t\t<\/div>\n\t\t<\/section>\n\t\t\t\t<section class=\"elementor-section elementor-inner-section elementor-element elementor-element-6fec5b8 elementor-section-boxed elementor-section-height-default elementor-section-height-default\" data-id=\"6fec5b8\" data-element_type=\"section\" data-e-type=\"section\" data-settings=\"{&quot;background_background&quot;:&quot;classic&quot;}\">\n\t\t\t\t\t\t\t<div class=\"elementor-background-overlay\"><\/div>\n\t\t\t\t\t\t\t<div class=\"elementor-container elementor-column-gap-default\">\n\t\t\t\t\t<div class=\"elementor-column elementor-col-50 elementor-inner-column elementor-element elementor-element-bae2796\" data-id=\"bae2796\" data-element_type=\"column\" data-e-type=\"column\">\n\t\t\t<div class=\"elementor-widget-wrap elementor-element-populated\">\n\t\t\t\t\t\t<div class=\"elementor-element elementor-element-843beaf elementor-widget elementor-widget-heading\" data-id=\"843beaf\" data-element_type=\"widget\" data-e-type=\"widget\" data-widget_type=\"heading.default\">\n\t\t\t\t<div class=\"elementor-widget-container\">\n\t\t\t\t\t<h2 class=\"elementor-heading-title elementor-size-default\">Festival LernFilm 2026 : Merci pour vos vid\u00e9os p\u00e9dagogiques !<\/h2>\t\t\t\t<\/div>\n\t\t\t\t<\/div>\n\t\t\t\t<div class=\"elementor-element elementor-element-2258210 elementor-widget elementor-widget-text-editor\" data-id=\"2258210\" data-element_type=\"widget\" data-e-type=\"widget\" data-widget_type=\"text-editor.default\">\n\t\t\t\t<div class=\"elementor-widget-container\">\n\t\t\t\t\t\t\t\t\t<p>Incroyable \u2013 <strong>1276 contributions<\/strong> !<\/p><p>Un nouveau record, nous sommes sans voix et ravis de d\u00e9couvrir ces superbes films \u00e9ducatifs.<\/p><p>Votre cr\u00e9ativit\u00e9 et votre inventivit\u00e9 sont fantastiques !<\/p><p>Vous d\u00e9couvrirez qui sont les laur\u00e9ats lors de la c\u00e9r\u00e9monie de remise des prix le <strong>10 juin 2026<\/strong> \u00e0 partir de <strong>9 heures<\/strong>.<\/p>\t\t\t\t\t\t\t\t<\/div>\n\t\t\t\t<\/div>\n\t\t\t\t<div class=\"elementor-element elementor-element-74776a6 elementor-widget elementor-widget-spacer\" data-id=\"74776a6\" data-element_type=\"widget\" data-e-type=\"widget\" data-widget_type=\"spacer.default\">\n\t\t\t\t<div class=\"elementor-widget-container\">\n\t\t\t\t\t\t\t<div class=\"elementor-spacer\">\n\t\t\t<div class=\"elementor-spacer-inner\"><\/div>\n\t\t<\/div>\n\t\t\t\t\t\t<\/div>\n\t\t\t\t<\/div>\n\t\t\t\t\t<\/div>\n\t\t<\/div>\n\t\t\t\t<div class=\"elementor-column elementor-col-50 elementor-inner-column elementor-element elementor-element-8ffa5f3 spalte-2 elementor-hidden-mobile\" data-id=\"8ffa5f3\" data-element_type=\"column\" data-e-type=\"column\">\n\t\t\t<div class=\"elementor-widget-wrap\">\n\t\t\t\t\t\t\t<\/div>\n\t\t<\/div>\n\t\t\t\t\t<\/div>\n\t\t<\/section>\n\t\t\t\t\t<\/div>\n\t\t<\/div>\n\t\t\t\t\t<\/div>\n\t\t<\/section>\n\t\t\t\t<section class=\"elementor-section elementor-top-section elementor-element elementor-element-fa5d2f5 elementor-section-full_width elementor-section-height-default elementor-section-height-default\" data-id=\"fa5d2f5\" data-element_type=\"section\" data-e-type=\"section\" data-settings=\"{&quot;background_background&quot;:&quot;classic&quot;}\">\n\t\t\t\t\t\t\t<div class=\"elementor-background-overlay\"><\/div>\n\t\t\t\t\t\t\t<div class=\"elementor-container elementor-column-gap-default\">\n\t\t\t\t\t<div class=\"elementor-column elementor-col-100 elementor-top-column elementor-element elementor-element-67b6bfe\" data-id=\"67b6bfe\" data-element_type=\"column\" data-e-type=\"column\" data-settings=\"{&quot;background_background&quot;:&quot;classic&quot;}\">\n\t\t\t<div class=\"elementor-widget-wrap elementor-element-populated\">\n\t\t\t\t\t\t<section class=\"elementor-section elementor-inner-section elementor-element elementor-element-924807e elementor-reverse-tablet elementor-reverse-mobile elementor-section-boxed elementor-section-height-default elementor-section-height-default\" data-id=\"924807e\" data-element_type=\"section\" data-e-type=\"section\" data-settings=\"{&quot;background_background&quot;:&quot;classic&quot;}\">\n\t\t\t\t\t\t\t<div class=\"elementor-background-overlay\"><\/div>\n\t\t\t\t\t\t\t<div class=\"elementor-container elementor-column-gap-default\">\n\t\t\t\t\t<div class=\"elementor-column elementor-col-50 elementor-inner-column elementor-element elementor-element-3d94ccd\" data-id=\"3d94ccd\" data-element_type=\"column\" data-e-type=\"column\">\n\t\t\t<div class=\"elementor-widget-wrap elementor-element-populated\">\n\t\t\t\t\t\t<div class=\"elementor-element elementor-element-b52db0e elementor-widget elementor-widget-heading\" data-id=\"b52db0e\" data-element_type=\"widget\" data-e-type=\"widget\" data-widget_type=\"heading.default\">\n\t\t\t\t<div class=\"elementor-widget-container\">\n\t\t\t\t\t<h2 class=\"elementor-heading-title elementor-size-default\">\u00c0 propos du LernFilm Festival<\/h2>\t\t\t\t<\/div>\n\t\t\t\t<\/div>\n\t\t\t\t<div class=\"elementor-element elementor-element-e5ba648 elementor-widget elementor-widget-text-editor\" data-id=\"e5ba648\" data-element_type=\"widget\" data-e-type=\"widget\" data-widget_type=\"text-editor.default\">\n\t\t\t\t<div class=\"elementor-widget-container\">\n\t\t\t\t\t\t\t\t\t<p>Produire des LernFilms est une belle mani\u00e8re d&rsquo;expliquer un sujet de mani\u00e8re claire. De multiples comp\u00e9tences sont ainsi encourag\u00e9es : l&rsquo;utilisation des m\u00e9dias, le travail en groupe, la compr\u00e9hension et l&rsquo;explication d&rsquo;un th\u00e8me pr\u00e9cis.<\/p><p>\u00a0<\/p><p>\u00a0<\/p><p>\u00a0<\/p>\t\t\t\t\t\t\t\t<\/div>\n\t\t\t\t<\/div>\n\t\t\t\t<div class=\"elementor-element elementor-element-16187a2 elementor-align-left elementor-hidden-desktop elementor-hidden-tablet elementor-hidden-mobile elementor-widget elementor-widget-button\" data-id=\"16187a2\" data-element_type=\"widget\" data-e-type=\"widget\" data-widget_type=\"button.default\">\n\t\t\t\t<div class=\"elementor-widget-container\">\n\t\t\t\t\t\t\t\t\t<div class=\"elementor-button-wrapper\">\n\t\t\t\t\t<a class=\"elementor-button elementor-button-link elementor-size-sm\" href=\"https:\/\/www.lernfilm-festival.ch\/hall-of-fame\/wettbewerb-2022\/\">\n\t\t\t\t\t\t<span class=\"elementor-button-content-wrapper\">\n\t\t\t\t\t\t\t\t\t<span class=\"elementor-button-text\">au Hall of Fame<\/span>\n\t\t\t\t\t<\/span>\n\t\t\t\t\t<\/a>\n\t\t\t\t<\/div>\n\t\t\t\t\t\t\t\t<\/div>\n\t\t\t\t<\/div>\n\t\t\t\t\t<\/div>\n\t\t<\/div>\n\t\t\t\t<div class=\"elementor-column elementor-col-50 elementor-inner-column elementor-element elementor-element-759704b\" data-id=\"759704b\" data-element_type=\"column\" data-e-type=\"column\">\n\t\t\t<div class=\"elementor-widget-wrap elementor-element-populated\">\n\t\t\t\t\t\t<div class=\"elementor-element elementor-element-3ab527e elementor-widget__width-initial elementor-widget elementor-widget-image\" data-id=\"3ab527e\" data-element_type=\"widget\" data-e-type=\"widget\" data-widget_type=\"image.default\">\n\t\t\t\t<div class=\"elementor-widget-container\">\n\t\t\t\t\t\t\t\t\t\t\t\t\t\t\t<img fetchpriority=\"high\" decoding=\"async\" width=\"1200\" height=\"800\" src=\"https:\/\/www.lernfilm-festival.ch\/fr\/wp-content\/uploads\/sites\/2\/2024\/10\/LFF-Klasse.gif\" class=\"attachment-full size-full wp-image-9826\" alt=\"\" \/>\t\t\t\t\t\t\t\t\t\t\t\t\t\t\t<\/div>\n\t\t\t\t<\/div>\n\t\t\t\t\t<\/div>\n\t\t<\/div>\n\t\t\t\t\t<\/div>\n\t\t<\/section>\n\t\t\t\t\t<\/div>\n\t\t<\/div>\n\t\t\t\t\t<\/div>\n\t\t<\/section>\n\t\t\t\t<section class=\"elementor-section elementor-top-section elementor-element elementor-element-91ea277 elementor-section-boxed elementor-section-height-default elementor-section-height-default\" data-id=\"91ea277\" data-element_type=\"section\" data-e-type=\"section\" data-settings=\"{&quot;background_background&quot;:&quot;classic&quot;}\">\n\t\t\t\t\t\t<div class=\"elementor-container elementor-column-gap-default\">\n\t\t\t\t\t<div class=\"elementor-column elementor-col-100 elementor-top-column elementor-element elementor-element-ce1d92a\" data-id=\"ce1d92a\" data-element_type=\"column\" data-e-type=\"column\">\n\t\t\t<div class=\"elementor-widget-wrap elementor-element-populated\">\n\t\t\t\t\t\t<section class=\"elementor-section elementor-inner-section elementor-element elementor-element-a7e1b27 elementor-section-boxed elementor-section-height-default elementor-section-height-default\" data-id=\"a7e1b27\" data-element_type=\"section\" data-e-type=\"section\">\n\t\t\t\t\t\t<div class=\"elementor-container elementor-column-gap-default\">\n\t\t\t\t\t<div class=\"elementor-column elementor-col-50 elementor-inner-column elementor-element elementor-element-2b47e21\" data-id=\"2b47e21\" data-element_type=\"column\" data-e-type=\"column\">\n\t\t\t<div class=\"elementor-widget-wrap elementor-element-populated\">\n\t\t\t\t\t\t<div class=\"elementor-element elementor-element-be9ff33 elementor-widget elementor-widget-heading\" data-id=\"be9ff33\" data-element_type=\"widget\" data-e-type=\"widget\" data-widget_type=\"heading.default\">\n\t\t\t\t<div class=\"elementor-widget-container\">\n\t\t\t\t\t<h2 class=\"elementor-heading-title elementor-size-default\">Remise des prix du LernFilm Festival 2025<\/h2>\t\t\t\t<\/div>\n\t\t\t\t<\/div>\n\t\t\t\t<div class=\"elementor-element elementor-element-87467ff elementor-widget elementor-widget-text-editor\" data-id=\"87467ff\" data-element_type=\"widget\" data-e-type=\"widget\" data-widget_type=\"text-editor.default\">\n\t\t\t\t<div class=\"elementor-widget-container\">\n\t\t\t\t\t\t\t\t\t<p>Regarde la version courte !<\/p><p>Pour ceux qui souhaitent revoir l&rsquo;int\u00e9gralit\u00e9 de la c\u00e9r\u00e9monie de remise des prix, cliquez <a href=\"https:\/\/www.srf.ch\/sendungen\/school\/film-macht-schule-lernfilm-festival-2025\" target=\"_blank\" rel=\"noopener\">ici<\/a>.<\/p>\t\t\t\t\t\t\t\t<\/div>\n\t\t\t\t<\/div>\n\t\t\t\t<div class=\"elementor-element elementor-element-6234ba8 elementor-widget elementor-widget-video\" data-id=\"6234ba8\" data-element_type=\"widget\" data-e-type=\"widget\" data-settings=\"{&quot;youtube_url&quot;:&quot;https:\\\/\\\/youtu.be\\\/VUOKChmKodY?si=CIlfCbNpa1s8yk41&quot;,&quot;show_image_overlay&quot;:&quot;yes&quot;,&quot;image_overlay&quot;:{&quot;url&quot;:&quot;https:\\\/\\\/www.lernfilm-festival.ch\\\/fr\\\/wp-content\\\/uploads\\\/sites\\\/2\\\/2025\\\/08\\\/LFF-Preisverleihung-2025.jpg&quot;,&quot;id&quot;:10063,&quot;size&quot;:&quot;&quot;,&quot;alt&quot;:&quot;&quot;,&quot;source&quot;:&quot;library&quot;},&quot;video_type&quot;:&quot;youtube&quot;,&quot;controls&quot;:&quot;yes&quot;}\" data-widget_type=\"video.default\">\n\t\t\t\t<div class=\"elementor-widget-container\">\n\t\t\t\t\t\t\t<div class=\"elementor-wrapper elementor-open-inline\">\n\t\t\t<div class=\"elementor-video\"><\/div>\t\t\t\t<div class=\"elementor-custom-embed-image-overlay\" style=\"background-image: url(https:\/\/www.lernfilm-festival.ch\/fr\/wp-content\/uploads\/sites\/2\/2025\/08\/LFF-Preisverleihung-2025.jpg);\">\n\t\t\t\t\t\t\t\t\t\t\t\t\t\t\t\t<div class=\"elementor-custom-embed-play\" role=\"button\" aria-label=\"Lire la vid\u00e9o\" tabindex=\"0\">\n\t\t\t\t\t\t\t<i aria-hidden=\"true\" class=\"eicon-play\"><\/i>\t\t\t\t\t\t<\/div>\n\t\t\t\t\t\t\t\t\t<\/div>\n\t\t\t\t\t<\/div>\n\t\t\t\t\t\t<\/div>\n\t\t\t\t<\/div>\n\t\t\t\t\t<\/div>\n\t\t<\/div>\n\t\t\t\t<div class=\"elementor-column elementor-col-50 elementor-inner-column elementor-element elementor-element-2263a0d elementor-hidden-tablet elementor-hidden-mobile\" data-id=\"2263a0d\" data-element_type=\"column\" data-e-type=\"column\">\n\t\t\t<div class=\"elementor-widget-wrap\">\n\t\t\t\t\t\t\t<\/div>\n\t\t<\/div>\n\t\t\t\t\t<\/div>\n\t\t<\/section>\n\t\t\t\t<section class=\"elementor-section elementor-inner-section elementor-element elementor-element-9b30e18 elementor-section-full_width elementor-section-height-default elementor-section-height-default\" data-id=\"9b30e18\" data-element_type=\"section\" data-e-type=\"section\">\n\t\t\t\t\t\t<div class=\"elementor-container elementor-column-gap-default\">\n\t\t\t\t\t<div class=\"elementor-column elementor-col-100 elementor-inner-column elementor-element elementor-element-dfca583\" data-id=\"dfca583\" data-element_type=\"column\" data-e-type=\"column\">\n\t\t\t<div class=\"elementor-widget-wrap\">\n\t\t\t\t\t\t\t<\/div>\n\t\t<\/div>\n\t\t\t\t\t<\/div>\n\t\t<\/section>\n\t\t\t\t\t<\/div>\n\t\t<\/div>\n\t\t\t\t\t<\/div>\n\t\t<\/section>\n\t\t\t\t<\/div>\n\t\t","protected":false},"excerpt":{"rendered":"<p>pour laremise des prix Concours 2026 Mat\u00e9riel de cours Festival LernFilm 2026 : Merci pour vos vid\u00e9os p\u00e9dagogiques ! Incroyable \u2013 1276 contributions ! Un nouveau record, nous sommes sans voix et ravis de d\u00e9couvrir ces superbes films \u00e9ducatifs. Votre cr\u00e9ativit\u00e9 et votre inventivit\u00e9 sont fantastiques ! Vous d\u00e9couvrirez qui sont les laur\u00e9ats lors de [&hellip;]<\/p>\n","protected":false},"author":5,"featured_media":9657,"parent":0,"menu_order":1,"comment_status":"closed","ping_status":"closed","template":"","meta":{"footnotes":""},"class_list":["post-7988","page","type-page","status-publish","has-post-thumbnail","hentry"],"yoast_head":"<!-- This site is optimized with the Yoast SEO plugin v27.5 - https:\/\/yoast.com\/product\/yoast-seo-wordpress\/ -->\n<title>LernFilm Festival 2025 - LernFilm Festival \u2013 FR<\/title>\n<meta name=\"robots\" content=\"index, follow, max-snippet:-1, max-image-preview:large, max-video-preview:-1\" \/>\n<link rel=\"canonical\" href=\"https:\/\/www.lernfilm-festival.ch\/fr\/\" \/>\n<meta property=\"og:locale\" content=\"fr_FR\" \/>\n<meta property=\"og:type\" content=\"article\" \/>\n<meta property=\"og:title\" content=\"LernFilm Festival 2025 - LernFilm Festival \u2013 FR\" \/>\n<meta property=\"og:description\" content=\"pour laremise des prix Concours 2026 Mat\u00e9riel de cours Festival LernFilm 2026 : Merci pour vos vid\u00e9os p\u00e9dagogiques ! Incroyable \u2013 1276 contributions ! Un nouveau record, nous sommes sans voix et ravis de d\u00e9couvrir ces superbes films \u00e9ducatifs. Votre cr\u00e9ativit\u00e9 et votre inventivit\u00e9 sont fantastiques ! Vous d\u00e9couvrirez qui sont les laur\u00e9ats lors de [&hellip;]\" \/>\n<meta property=\"og:url\" content=\"https:\/\/www.lernfilm-festival.ch\/fr\/\" \/>\n<meta property=\"og:site_name\" content=\"LernFilm Festival \u2013 FR\" \/>\n<meta property=\"article:modified_time\" content=\"2026-03-26T12:21:19+00:00\" \/>\n<meta property=\"og:image\" content=\"https:\/\/www.lernfilm-festival.ch\/fr\/wp-content\/uploads\/sites\/2\/2024\/06\/LFF-Startbild-gr-scaled.jpg\" \/>\n\t<meta property=\"og:image:width\" content=\"2560\" \/>\n\t<meta property=\"og:image:height\" content=\"870\" \/>\n\t<meta property=\"og:image:type\" content=\"image\/jpeg\" \/>\n<meta name=\"twitter:card\" content=\"summary_large_image\" \/>\n<meta name=\"twitter:label1\" content=\"Dur\u00e9e de lecture estim\u00e9e\" \/>\n\t<meta name=\"twitter:data1\" content=\"2 minutes\" \/>\n<script type=\"application\/ld+json\" class=\"yoast-schema-graph\">{\"@context\":\"https:\\\/\\\/schema.org\",\"@graph\":[{\"@type\":\"WebPage\",\"@id\":\"https:\\\/\\\/www.lernfilm-festival.ch\\\/fr\\\/\",\"url\":\"https:\\\/\\\/www.lernfilm-festival.ch\\\/fr\\\/\",\"name\":\"LernFilm Festival 2025 - LernFilm Festival \u2013 FR\",\"isPartOf\":{\"@id\":\"https:\\\/\\\/www.lernfilm-festival.ch\\\/fr\\\/#website\"},\"primaryImageOfPage\":{\"@id\":\"https:\\\/\\\/www.lernfilm-festival.ch\\\/fr\\\/#primaryimage\"},\"image\":{\"@id\":\"https:\\\/\\\/www.lernfilm-festival.ch\\\/fr\\\/#primaryimage\"},\"thumbnailUrl\":\"https:\\\/\\\/www.lernfilm-festival.ch\\\/fr\\\/wp-content\\\/uploads\\\/sites\\\/2\\\/2024\\\/06\\\/LFF-Startbild-gr-scaled.jpg\",\"datePublished\":\"2022-02-18T15:38:11+00:00\",\"dateModified\":\"2026-03-26T12:21:19+00:00\",\"breadcrumb\":{\"@id\":\"https:\\\/\\\/www.lernfilm-festival.ch\\\/fr\\\/#breadcrumb\"},\"inLanguage\":\"fr-FR\",\"potentialAction\":[{\"@type\":\"ReadAction\",\"target\":[\"https:\\\/\\\/www.lernfilm-festival.ch\\\/fr\\\/\"]}]},{\"@type\":\"ImageObject\",\"inLanguage\":\"fr-FR\",\"@id\":\"https:\\\/\\\/www.lernfilm-festival.ch\\\/fr\\\/#primaryimage\",\"url\":\"https:\\\/\\\/www.lernfilm-festival.ch\\\/fr\\\/wp-content\\\/uploads\\\/sites\\\/2\\\/2024\\\/06\\\/LFF-Startbild-gr-scaled.jpg\",\"contentUrl\":\"https:\\\/\\\/www.lernfilm-festival.ch\\\/fr\\\/wp-content\\\/uploads\\\/sites\\\/2\\\/2024\\\/06\\\/LFF-Startbild-gr-scaled.jpg\",\"width\":2560,\"height\":870},{\"@type\":\"BreadcrumbList\",\"@id\":\"https:\\\/\\\/www.lernfilm-festival.ch\\\/fr\\\/#breadcrumb\",\"itemListElement\":[{\"@type\":\"ListItem\",\"position\":1,\"name\":\"Home\",\"item\":\"https:\\\/\\\/www.lernfilm-festival.ch\\\/fr\\\/\"},{\"@type\":\"ListItem\",\"position\":2,\"name\":\"LernFilm Festival 2025\"}]},{\"@type\":\"WebSite\",\"@id\":\"https:\\\/\\\/www.lernfilm-festival.ch\\\/fr\\\/#website\",\"url\":\"https:\\\/\\\/www.lernfilm-festival.ch\\\/fr\\\/\",\"name\":\"LernFilm Festival \u2013 FR\",\"description\":\"\",\"publisher\":{\"@id\":\"https:\\\/\\\/www.lernfilm-festival.ch\\\/fr\\\/#organization\"},\"potentialAction\":[{\"@type\":\"SearchAction\",\"target\":{\"@type\":\"EntryPoint\",\"urlTemplate\":\"https:\\\/\\\/www.lernfilm-festival.ch\\\/fr\\\/?s={search_term_string}\"},\"query-input\":{\"@type\":\"PropertyValueSpecification\",\"valueRequired\":true,\"valueName\":\"search_term_string\"}}],\"inLanguage\":\"fr-FR\"},{\"@type\":\"Organization\",\"@id\":\"https:\\\/\\\/www.lernfilm-festival.ch\\\/fr\\\/#organization\",\"name\":\"LernFilm Festival \u2013 FR\",\"url\":\"https:\\\/\\\/www.lernfilm-festival.ch\\\/fr\\\/\",\"logo\":{\"@type\":\"ImageObject\",\"inLanguage\":\"fr-FR\",\"@id\":\"https:\\\/\\\/www.lernfilm-festival.ch\\\/fr\\\/#\\\/schema\\\/logo\\\/image\\\/\",\"url\":\"https:\\\/\\\/www.lernfilm-festival.ch\\\/fr\\\/wp-content\\\/uploads\\\/sites\\\/2\\\/2021\\\/08\\\/LFF-Logo_weiss.svg\",\"contentUrl\":\"https:\\\/\\\/www.lernfilm-festival.ch\\\/fr\\\/wp-content\\\/uploads\\\/sites\\\/2\\\/2021\\\/08\\\/LFF-Logo_weiss.svg\",\"width\":355,\"height\":90,\"caption\":\"LernFilm Festival \u2013 FR\"},\"image\":{\"@id\":\"https:\\\/\\\/www.lernfilm-festival.ch\\\/fr\\\/#\\\/schema\\\/logo\\\/image\\\/\"}}]}<\/script>\n<!-- \/ Yoast SEO plugin. -->","yoast_head_json":{"title":"LernFilm Festival 2025 - LernFilm Festival \u2013 FR","robots":{"index":"index","follow":"follow","max-snippet":"max-snippet:-1","max-image-preview":"max-image-preview:large","max-video-preview":"max-video-preview:-1"},"canonical":"https:\/\/www.lernfilm-festival.ch\/fr\/","og_locale":"fr_FR","og_type":"article","og_title":"LernFilm Festival 2025 - LernFilm Festival \u2013 FR","og_description":"pour laremise des prix Concours 2026 Mat\u00e9riel de cours Festival LernFilm 2026 : Merci pour vos vid\u00e9os p\u00e9dagogiques ! Incroyable \u2013 1276 contributions ! Un nouveau record, nous sommes sans voix et ravis de d\u00e9couvrir ces superbes films \u00e9ducatifs. Votre cr\u00e9ativit\u00e9 et votre inventivit\u00e9 sont fantastiques ! Vous d\u00e9couvrirez qui sont les laur\u00e9ats lors de [&hellip;]","og_url":"https:\/\/www.lernfilm-festival.ch\/fr\/","og_site_name":"LernFilm Festival \u2013 FR","article_modified_time":"2026-03-26T12:21:19+00:00","og_image":[{"width":2560,"height":870,"url":"https:\/\/www.lernfilm-festival.ch\/fr\/wp-content\/uploads\/sites\/2\/2024\/06\/LFF-Startbild-gr-scaled.jpg","type":"image\/jpeg"}],"twitter_card":"summary_large_image","twitter_misc":{"Dur\u00e9e de lecture estim\u00e9e":"2 minutes"},"schema":{"@context":"https:\/\/schema.org","@graph":[{"@type":"WebPage","@id":"https:\/\/www.lernfilm-festival.ch\/fr\/","url":"https:\/\/www.lernfilm-festival.ch\/fr\/","name":"LernFilm Festival 2025 - LernFilm Festival \u2013 FR","isPartOf":{"@id":"https:\/\/www.lernfilm-festival.ch\/fr\/#website"},"primaryImageOfPage":{"@id":"https:\/\/www.lernfilm-festival.ch\/fr\/#primaryimage"},"image":{"@id":"https:\/\/www.lernfilm-festival.ch\/fr\/#primaryimage"},"thumbnailUrl":"https:\/\/www.lernfilm-festival.ch\/fr\/wp-content\/uploads\/sites\/2\/2024\/06\/LFF-Startbild-gr-scaled.jpg","datePublished":"2022-02-18T15:38:11+00:00","dateModified":"2026-03-26T12:21:19+00:00","breadcrumb":{"@id":"https:\/\/www.lernfilm-festival.ch\/fr\/#breadcrumb"},"inLanguage":"fr-FR","potentialAction":[{"@type":"ReadAction","target":["https:\/\/www.lernfilm-festival.ch\/fr\/"]}]},{"@type":"ImageObject","inLanguage":"fr-FR","@id":"https:\/\/www.lernfilm-festival.ch\/fr\/#primaryimage","url":"https:\/\/www.lernfilm-festival.ch\/fr\/wp-content\/uploads\/sites\/2\/2024\/06\/LFF-Startbild-gr-scaled.jpg","contentUrl":"https:\/\/www.lernfilm-festival.ch\/fr\/wp-content\/uploads\/sites\/2\/2024\/06\/LFF-Startbild-gr-scaled.jpg","width":2560,"height":870},{"@type":"BreadcrumbList","@id":"https:\/\/www.lernfilm-festival.ch\/fr\/#breadcrumb","itemListElement":[{"@type":"ListItem","position":1,"name":"Home","item":"https:\/\/www.lernfilm-festival.ch\/fr\/"},{"@type":"ListItem","position":2,"name":"LernFilm Festival 2025"}]},{"@type":"WebSite","@id":"https:\/\/www.lernfilm-festival.ch\/fr\/#website","url":"https:\/\/www.lernfilm-festival.ch\/fr\/","name":"LernFilm Festival \u2013 FR","description":"","publisher":{"@id":"https:\/\/www.lernfilm-festival.ch\/fr\/#organization"},"potentialAction":[{"@type":"SearchAction","target":{"@type":"EntryPoint","urlTemplate":"https:\/\/www.lernfilm-festival.ch\/fr\/?s={search_term_string}"},"query-input":{"@type":"PropertyValueSpecification","valueRequired":true,"valueName":"search_term_string"}}],"inLanguage":"fr-FR"},{"@type":"Organization","@id":"https:\/\/www.lernfilm-festival.ch\/fr\/#organization","name":"LernFilm Festival \u2013 FR","url":"https:\/\/www.lernfilm-festival.ch\/fr\/","logo":{"@type":"ImageObject","inLanguage":"fr-FR","@id":"https:\/\/www.lernfilm-festival.ch\/fr\/#\/schema\/logo\/image\/","url":"https:\/\/www.lernfilm-festival.ch\/fr\/wp-content\/uploads\/sites\/2\/2021\/08\/LFF-Logo_weiss.svg","contentUrl":"https:\/\/www.lernfilm-festival.ch\/fr\/wp-content\/uploads\/sites\/2\/2021\/08\/LFF-Logo_weiss.svg","width":355,"height":90,"caption":"LernFilm Festival \u2013 FR"},"image":{"@id":"https:\/\/www.lernfilm-festival.ch\/fr\/#\/schema\/logo\/image\/"}}]}},"_links":{"self":[{"href":"https:\/\/www.lernfilm-festival.ch\/fr\/wp-json\/wp\/v2\/pages\/7988","targetHints":{"allow":["GET"]}}],"collection":[{"href":"https:\/\/www.lernfilm-festival.ch\/fr\/wp-json\/wp\/v2\/pages"}],"about":[{"href":"https:\/\/www.lernfilm-festival.ch\/fr\/wp-json\/wp\/v2\/types\/page"}],"author":[{"embeddable":true,"href":"https:\/\/www.lernfilm-festival.ch\/fr\/wp-json\/wp\/v2\/users\/5"}],"replies":[{"embeddable":true,"href":"https:\/\/www.lernfilm-festival.ch\/fr\/wp-json\/wp\/v2\/comments?post=7988"}],"version-history":[{"count":368,"href":"https:\/\/www.lernfilm-festival.ch\/fr\/wp-json\/wp\/v2\/pages\/7988\/revisions"}],"predecessor-version":[{"id":10154,"href":"https:\/\/www.lernfilm-festival.ch\/fr\/wp-json\/wp\/v2\/pages\/7988\/revisions\/10154"}],"wp:featuredmedia":[{"embeddable":true,"href":"https:\/\/www.lernfilm-festival.ch\/fr\/wp-json\/wp\/v2\/media\/9657"}],"wp:attachment":[{"href":"https:\/\/www.lernfilm-festival.ch\/fr\/wp-json\/wp\/v2\/media?parent=7988"}],"curies":[{"name":"wp","href":"https:\/\/api.w.org\/{rel}","templated":true}]}}