{"id":8045,"date":"2022-02-18T16:38:23","date_gmt":"2022-02-18T15:38:23","guid":{"rendered":"https:\/\/stage.lernfilm-festival.ch\/fr\/rechtliche-hinweise-2\/"},"modified":"2025-10-16T11:52:38","modified_gmt":"2025-10-16T09:52:38","slug":"mentions-legales","status":"publish","type":"page","link":"https:\/\/www.lernfilm-festival.ch\/fr\/mentions-legales\/","title":{"rendered":"Mentions l\u00e9gales"},"content":{"rendered":"\t\t<div data-elementor-type=\"wp-page\" data-elementor-id=\"8045\" class=\"elementor elementor-8045\" data-elementor-post-type=\"page\">\n\t\t\t\t\t\t<section class=\"elementor-section elementor-top-section elementor-element elementor-element-af75db8 elementor-section-boxed elementor-section-height-default elementor-section-height-default\" data-id=\"af75db8\" data-element_type=\"section\" data-e-type=\"section\" data-settings=\"{&quot;background_background&quot;:&quot;classic&quot;}\">\n\t\t\t\t\t\t<div class=\"elementor-container elementor-column-gap-default\">\n\t\t\t\t\t<div class=\"elementor-column elementor-col-50 elementor-top-column elementor-element elementor-element-590a118\" data-id=\"590a118\" data-element_type=\"column\" data-e-type=\"column\">\n\t\t\t<div class=\"elementor-widget-wrap elementor-element-populated\">\n\t\t\t\t\t\t<div class=\"elementor-element elementor-element-75ba718 elementor-widget elementor-widget-heading\" data-id=\"75ba718\" data-element_type=\"widget\" data-e-type=\"widget\" data-widget_type=\"heading.default\">\n\t\t\t\t<div class=\"elementor-widget-container\">\n\t\t\t\t\t<h2 class=\"elementor-heading-title elementor-size-default\">Droit d'auteur<\/h2>\t\t\t\t<\/div>\n\t\t\t\t<\/div>\n\t\t\t\t<div class=\"elementor-element elementor-element-247394a elementor-widget elementor-widget-text-editor\" data-id=\"247394a\" data-element_type=\"widget\" data-e-type=\"widget\" data-widget_type=\"text-editor.default\">\n\t\t\t\t<div class=\"elementor-widget-container\">\n\t\t\t\t\t\t\t\t\t<p>Il est de la responsabilit\u00e9 des r\u00e9alisateurs de respecter les droits d&rsquo;auteur pour la musique, les effets sonores, les images et les vid\u00e9os utilis\u00e9s.<\/p><p>Les contenus des films p\u00e9dagogiques g\u00e9n\u00e9r\u00e9s par l&rsquo;IA doivent \u00eatre indiqu\u00e9s.<\/p><p>\u00a0<\/p>\t\t\t\t\t\t\t\t<\/div>\n\t\t\t\t<\/div>\n\t\t\t\t<div class=\"elementor-element elementor-element-d6cb32d elementor-widget elementor-widget-heading\" data-id=\"d6cb32d\" data-element_type=\"widget\" data-e-type=\"widget\" data-widget_type=\"heading.default\">\n\t\t\t\t<div class=\"elementor-widget-container\">\n\t\t\t\t\t<h2 class=\"elementor-heading-title elementor-size-default\">Exclusion de responsabilit\u00e9<\/h2>\t\t\t\t<\/div>\n\t\t\t\t<\/div>\n\t\t\t\t<div class=\"elementor-element elementor-element-627db2f elementor-widget elementor-widget-text-editor\" data-id=\"627db2f\" data-element_type=\"widget\" data-e-type=\"widget\" data-widget_type=\"text-editor.default\">\n\t\t\t\t<div class=\"elementor-widget-container\">\n\t\t\t\t\t\t\t\t\t<p>Les contenus de ces pages Internet changent constamment. Ils ont \u00e9labor\u00e9 avec le plus grand soin possible par LerNetz SA ou par des tiers sur lesquels LerNetz n\u2019a aucune influence. Il n\u2019est pas possible de donner une garantie quant \u00e0 l\u2019exhaustivit\u00e9 et \u00e0 l\u2019exactitude de ces contenus. LerNetz n\u2019est pas responsable de dommages r\u00e9sultant de l\u2019utilisation des informations et des donn\u00e9es de ces pages Internet.<\/p>\t\t\t\t\t\t\t\t<\/div>\n\t\t\t\t<\/div>\n\t\t\t\t<div class=\"elementor-element elementor-element-f4e647b elementor-widget elementor-widget-text-editor\" data-id=\"f4e647b\" data-element_type=\"widget\" data-e-type=\"widget\" data-widget_type=\"text-editor.default\">\n\t\t\t\t<div class=\"elementor-widget-container\">\n\t\t\t\t\t\t\t\t\t<p>LerNetz n\u2019assume aucune responsabilit\u00e9 ou garantie pour le contenu des pages Internet auxquelles il est fait r\u00e9f\u00e9rence directement ou indirectement sur cette homepage. La responsabilit\u00e9 concernant les pages Internet mises en lien ne rel\u00e8ve pas de LerNetz, mais de tiers. Les visiteurs qui cliquent sur les liens menant \u00e0 d\u2019autres pages Internet le font par cons\u00e9quent \u00e0 leurs propres risques et les utilisent conform\u00e9ment aux conditions d\u2019utilisations applicables \u00e0 ces diff\u00e9rents sites.<\/p>\t\t\t\t\t\t\t\t<\/div>\n\t\t\t\t<\/div>\n\t\t\t\t\t<\/div>\n\t\t<\/div>\n\t\t\t\t<div class=\"elementor-column elementor-col-50 elementor-top-column elementor-element elementor-element-5b92a47\" data-id=\"5b92a47\" data-element_type=\"column\" data-e-type=\"column\">\n\t\t\t<div class=\"elementor-widget-wrap\">\n\t\t\t\t\t\t\t<\/div>\n\t\t<\/div>\n\t\t\t\t\t<\/div>\n\t\t<\/section>\n\t\t\t\t<section class=\"elementor-section elementor-top-section elementor-element elementor-element-9ab9a0b elementor-section-boxed elementor-section-height-default elementor-section-height-default\" data-id=\"9ab9a0b\" data-element_type=\"section\" data-e-type=\"section\" id=\"liste\" data-settings=\"{&quot;background_background&quot;:&quot;classic&quot;}\">\n\t\t\t\t\t\t<div class=\"elementor-container elementor-column-gap-default\">\n\t\t\t\t\t<div class=\"elementor-column elementor-col-50 elementor-top-column elementor-element elementor-element-c24976a\" data-id=\"c24976a\" data-element_type=\"column\" data-e-type=\"column\">\n\t\t\t<div class=\"elementor-widget-wrap elementor-element-populated\">\n\t\t\t\t\t\t<div class=\"elementor-element elementor-element-d1bd353 elementor-widget elementor-widget-text-editor\" data-id=\"d1bd353\" data-element_type=\"widget\" data-e-type=\"widget\" data-widget_type=\"text-editor.default\">\n\t\t\t\t<div class=\"elementor-widget-container\">\n\t\t\t\t\t\t\t\t\t<p>Veranstalterin des LernFilm Festivals:<br \/><strong>LerNetz AG<\/strong><br \/>Aarbergergasse 1<br \/>3011 Bern<br \/><a href=\"https:\/\/lernetz.ch\/home\" target=\"_blank\" rel=\"noopener\">lernetz.ch<\/a><\/p><p>Kern-Team des LernFilm Festivals: Fredi Althaus, Vera Krummenacher, Marc Zwahlen, Peter Zurfl\u00fch<br \/><a href=\"mailto:hallo@lernfilm-festival.ch\">hallo@lernfilm-festival.ch<\/a><\/p>\t\t\t\t\t\t\t\t<\/div>\n\t\t\t\t<\/div>\n\t\t\t\t\t<\/div>\n\t\t<\/div>\n\t\t\t\t<div class=\"elementor-column elementor-col-50 elementor-top-column elementor-element elementor-element-9853fbb\" data-id=\"9853fbb\" data-element_type=\"column\" data-e-type=\"column\">\n\t\t\t<div class=\"elementor-widget-wrap\">\n\t\t\t\t\t\t\t<\/div>\n\t\t<\/div>\n\t\t\t\t\t<\/div>\n\t\t<\/section>\n\t\t\t\t<\/div>\n\t\t","protected":false},"excerpt":{"rendered":"<p>Droit d&rsquo;auteur Il est de la responsabilit\u00e9 des r\u00e9alisateurs de respecter les droits d&rsquo;auteur pour la musique, les effets sonores, les images et les vid\u00e9os utilis\u00e9s. Les contenus des films p\u00e9dagogiques g\u00e9n\u00e9r\u00e9s par l&rsquo;IA doivent \u00eatre indiqu\u00e9s. \u00a0 Exclusion de responsabilit\u00e9 Les contenus de ces pages Internet changent constamment. Ils ont \u00e9labor\u00e9 avec le plus [&hellip;]<\/p>\n","protected":false},"author":5,"featured_media":0,"parent":0,"menu_order":60,"comment_status":"closed","ping_status":"closed","template":"","meta":{"footnotes":""},"class_list":["post-8045","page","type-page","status-publish","hentry"],"yoast_head":"<!-- This site is optimized with the Yoast SEO plugin v27.5 - https:\/\/yoast.com\/product\/yoast-seo-wordpress\/ -->\n<title>Mentions l\u00e9gales - LernFilm Festival \u2013 FR<\/title>\n<meta name=\"robots\" content=\"index, follow, max-snippet:-1, max-image-preview:large, max-video-preview:-1\" \/>\n<link rel=\"canonical\" href=\"https:\/\/www.lernfilm-festival.ch\/fr\/mentions-legales\/\" \/>\n<meta property=\"og:locale\" content=\"fr_FR\" \/>\n<meta property=\"og:type\" content=\"article\" \/>\n<meta property=\"og:title\" content=\"Mentions l\u00e9gales - LernFilm Festival \u2013 FR\" \/>\n<meta property=\"og:description\" content=\"Droit d&rsquo;auteur Il est de la responsabilit\u00e9 des r\u00e9alisateurs de respecter les droits d&rsquo;auteur pour la musique, les effets sonores, les images et les vid\u00e9os utilis\u00e9s. Les contenus des films p\u00e9dagogiques g\u00e9n\u00e9r\u00e9s par l&rsquo;IA doivent \u00eatre indiqu\u00e9s. \u00a0 Exclusion de responsabilit\u00e9 Les contenus de ces pages Internet changent constamment. Ils ont \u00e9labor\u00e9 avec le plus [&hellip;]\" \/>\n<meta property=\"og:url\" content=\"https:\/\/www.lernfilm-festival.ch\/fr\/mentions-legales\/\" \/>\n<meta property=\"og:site_name\" content=\"LernFilm Festival \u2013 FR\" \/>\n<meta property=\"article:modified_time\" content=\"2025-10-16T09:52:38+00:00\" \/>\n<meta name=\"twitter:card\" content=\"summary_large_image\" \/>\n<meta name=\"twitter:label1\" content=\"Dur\u00e9e de lecture estim\u00e9e\" \/>\n\t<meta name=\"twitter:data1\" content=\"2 minutes\" \/>\n<script type=\"application\/ld+json\" class=\"yoast-schema-graph\">{\"@context\":\"https:\\\/\\\/schema.org\",\"@graph\":[{\"@type\":\"WebPage\",\"@id\":\"https:\\\/\\\/www.lernfilm-festival.ch\\\/fr\\\/mentions-legales\\\/\",\"url\":\"https:\\\/\\\/www.lernfilm-festival.ch\\\/fr\\\/mentions-legales\\\/\",\"name\":\"Mentions l\u00e9gales - LernFilm Festival \u2013 FR\",\"isPartOf\":{\"@id\":\"https:\\\/\\\/www.lernfilm-festival.ch\\\/fr\\\/#website\"},\"datePublished\":\"2022-02-18T15:38:23+00:00\",\"dateModified\":\"2025-10-16T09:52:38+00:00\",\"breadcrumb\":{\"@id\":\"https:\\\/\\\/www.lernfilm-festival.ch\\\/fr\\\/mentions-legales\\\/#breadcrumb\"},\"inLanguage\":\"fr-FR\",\"potentialAction\":[{\"@type\":\"ReadAction\",\"target\":[\"https:\\\/\\\/www.lernfilm-festival.ch\\\/fr\\\/mentions-legales\\\/\"]}]},{\"@type\":\"BreadcrumbList\",\"@id\":\"https:\\\/\\\/www.lernfilm-festival.ch\\\/fr\\\/mentions-legales\\\/#breadcrumb\",\"itemListElement\":[{\"@type\":\"ListItem\",\"position\":1,\"name\":\"Home\",\"item\":\"https:\\\/\\\/www.lernfilm-festival.ch\\\/fr\\\/\"},{\"@type\":\"ListItem\",\"position\":2,\"name\":\"Mentions l\u00e9gales\"}]},{\"@type\":\"WebSite\",\"@id\":\"https:\\\/\\\/www.lernfilm-festival.ch\\\/fr\\\/#website\",\"url\":\"https:\\\/\\\/www.lernfilm-festival.ch\\\/fr\\\/\",\"name\":\"LernFilm Festival \u2013 FR\",\"description\":\"\",\"publisher\":{\"@id\":\"https:\\\/\\\/www.lernfilm-festival.ch\\\/fr\\\/#organization\"},\"potentialAction\":[{\"@type\":\"SearchAction\",\"target\":{\"@type\":\"EntryPoint\",\"urlTemplate\":\"https:\\\/\\\/www.lernfilm-festival.ch\\\/fr\\\/?s={search_term_string}\"},\"query-input\":{\"@type\":\"PropertyValueSpecification\",\"valueRequired\":true,\"valueName\":\"search_term_string\"}}],\"inLanguage\":\"fr-FR\"},{\"@type\":\"Organization\",\"@id\":\"https:\\\/\\\/www.lernfilm-festival.ch\\\/fr\\\/#organization\",\"name\":\"LernFilm Festival \u2013 FR\",\"url\":\"https:\\\/\\\/www.lernfilm-festival.ch\\\/fr\\\/\",\"logo\":{\"@type\":\"ImageObject\",\"inLanguage\":\"fr-FR\",\"@id\":\"https:\\\/\\\/www.lernfilm-festival.ch\\\/fr\\\/#\\\/schema\\\/logo\\\/image\\\/\",\"url\":\"https:\\\/\\\/www.lernfilm-festival.ch\\\/fr\\\/wp-content\\\/uploads\\\/sites\\\/2\\\/2021\\\/08\\\/LFF-Logo_weiss.svg\",\"contentUrl\":\"https:\\\/\\\/www.lernfilm-festival.ch\\\/fr\\\/wp-content\\\/uploads\\\/sites\\\/2\\\/2021\\\/08\\\/LFF-Logo_weiss.svg\",\"width\":355,\"height\":90,\"caption\":\"LernFilm Festival \u2013 FR\"},\"image\":{\"@id\":\"https:\\\/\\\/www.lernfilm-festival.ch\\\/fr\\\/#\\\/schema\\\/logo\\\/image\\\/\"}}]}<\/script>\n<!-- \/ Yoast SEO plugin. -->","yoast_head_json":{"title":"Mentions l\u00e9gales - LernFilm Festival \u2013 FR","robots":{"index":"index","follow":"follow","max-snippet":"max-snippet:-1","max-image-preview":"max-image-preview:large","max-video-preview":"max-video-preview:-1"},"canonical":"https:\/\/www.lernfilm-festival.ch\/fr\/mentions-legales\/","og_locale":"fr_FR","og_type":"article","og_title":"Mentions l\u00e9gales - LernFilm Festival \u2013 FR","og_description":"Droit d&rsquo;auteur Il est de la responsabilit\u00e9 des r\u00e9alisateurs de respecter les droits d&rsquo;auteur pour la musique, les effets sonores, les images et les vid\u00e9os utilis\u00e9s. Les contenus des films p\u00e9dagogiques g\u00e9n\u00e9r\u00e9s par l&rsquo;IA doivent \u00eatre indiqu\u00e9s. \u00a0 Exclusion de responsabilit\u00e9 Les contenus de ces pages Internet changent constamment. Ils ont \u00e9labor\u00e9 avec le plus [&hellip;]","og_url":"https:\/\/www.lernfilm-festival.ch\/fr\/mentions-legales\/","og_site_name":"LernFilm Festival \u2013 FR","article_modified_time":"2025-10-16T09:52:38+00:00","twitter_card":"summary_large_image","twitter_misc":{"Dur\u00e9e de lecture estim\u00e9e":"2 minutes"},"schema":{"@context":"https:\/\/schema.org","@graph":[{"@type":"WebPage","@id":"https:\/\/www.lernfilm-festival.ch\/fr\/mentions-legales\/","url":"https:\/\/www.lernfilm-festival.ch\/fr\/mentions-legales\/","name":"Mentions l\u00e9gales - LernFilm Festival \u2013 FR","isPartOf":{"@id":"https:\/\/www.lernfilm-festival.ch\/fr\/#website"},"datePublished":"2022-02-18T15:38:23+00:00","dateModified":"2025-10-16T09:52:38+00:00","breadcrumb":{"@id":"https:\/\/www.lernfilm-festival.ch\/fr\/mentions-legales\/#breadcrumb"},"inLanguage":"fr-FR","potentialAction":[{"@type":"ReadAction","target":["https:\/\/www.lernfilm-festival.ch\/fr\/mentions-legales\/"]}]},{"@type":"BreadcrumbList","@id":"https:\/\/www.lernfilm-festival.ch\/fr\/mentions-legales\/#breadcrumb","itemListElement":[{"@type":"ListItem","position":1,"name":"Home","item":"https:\/\/www.lernfilm-festival.ch\/fr\/"},{"@type":"ListItem","position":2,"name":"Mentions l\u00e9gales"}]},{"@type":"WebSite","@id":"https:\/\/www.lernfilm-festival.ch\/fr\/#website","url":"https:\/\/www.lernfilm-festival.ch\/fr\/","name":"LernFilm Festival \u2013 FR","description":"","publisher":{"@id":"https:\/\/www.lernfilm-festival.ch\/fr\/#organization"},"potentialAction":[{"@type":"SearchAction","target":{"@type":"EntryPoint","urlTemplate":"https:\/\/www.lernfilm-festival.ch\/fr\/?s={search_term_string}"},"query-input":{"@type":"PropertyValueSpecification","valueRequired":true,"valueName":"search_term_string"}}],"inLanguage":"fr-FR"},{"@type":"Organization","@id":"https:\/\/www.lernfilm-festival.ch\/fr\/#organization","name":"LernFilm Festival \u2013 FR","url":"https:\/\/www.lernfilm-festival.ch\/fr\/","logo":{"@type":"ImageObject","inLanguage":"fr-FR","@id":"https:\/\/www.lernfilm-festival.ch\/fr\/#\/schema\/logo\/image\/","url":"https:\/\/www.lernfilm-festival.ch\/fr\/wp-content\/uploads\/sites\/2\/2021\/08\/LFF-Logo_weiss.svg","contentUrl":"https:\/\/www.lernfilm-festival.ch\/fr\/wp-content\/uploads\/sites\/2\/2021\/08\/LFF-Logo_weiss.svg","width":355,"height":90,"caption":"LernFilm Festival \u2013 FR"},"image":{"@id":"https:\/\/www.lernfilm-festival.ch\/fr\/#\/schema\/logo\/image\/"}}]}},"_links":{"self":[{"href":"https:\/\/www.lernfilm-festival.ch\/fr\/wp-json\/wp\/v2\/pages\/8045","targetHints":{"allow":["GET"]}}],"collection":[{"href":"https:\/\/www.lernfilm-festival.ch\/fr\/wp-json\/wp\/v2\/pages"}],"about":[{"href":"https:\/\/www.lernfilm-festival.ch\/fr\/wp-json\/wp\/v2\/types\/page"}],"author":[{"embeddable":true,"href":"https:\/\/www.lernfilm-festival.ch\/fr\/wp-json\/wp\/v2\/users\/5"}],"replies":[{"embeddable":true,"href":"https:\/\/www.lernfilm-festival.ch\/fr\/wp-json\/wp\/v2\/comments?post=8045"}],"version-history":[{"count":53,"href":"https:\/\/www.lernfilm-festival.ch\/fr\/wp-json\/wp\/v2\/pages\/8045\/revisions"}],"predecessor-version":[{"id":10109,"href":"https:\/\/www.lernfilm-festival.ch\/fr\/wp-json\/wp\/v2\/pages\/8045\/revisions\/10109"}],"wp:attachment":[{"href":"https:\/\/www.lernfilm-festival.ch\/fr\/wp-json\/wp\/v2\/media?parent=8045"}],"curies":[{"name":"wp","href":"https:\/\/api.w.org\/{rel}","templated":true}]}}